{"id":1233,"date":"2023-06-08T07:36:03","date_gmt":"2023-06-08T06:36:03","guid":{"rendered":"https:\/\/lieblingsromane-trier.de\/?page_id=1233"},"modified":"2023-06-08T07:36:04","modified_gmt":"2023-06-08T06:36:04","slug":"als-lebten-wir-in-einem-barmherzigen-land","status":"publish","type":"page","link":"https:\/\/lieblingsromane-trier.de\/?page_id=1233","title":{"rendered":"Als lebten wir in einem barmherzigen Land"},"content":{"rendered":"<div class=\"wp-block-image\">\n<figure class=\"alignleft size-large is-resized\"><img fetchpriority=\"high\" decoding=\"async\" src=\"https:\/\/lieblingsromane-trier.de\/wp-content\/uploads\/2023\/05\/Kennedy-668x1024.jpeg\" alt=\"\" class=\"wp-image-1264\" width=\"290\" height=\"445\" srcset=\"https:\/\/lieblingsromane-trier.de\/wp-content\/uploads\/2023\/05\/Kennedy-668x1024.jpeg 668w, https:\/\/lieblingsromane-trier.de\/wp-content\/uploads\/2023\/05\/Kennedy-196x300.jpeg 196w, https:\/\/lieblingsromane-trier.de\/wp-content\/uploads\/2023\/05\/Kennedy-768x1177.jpeg 768w, https:\/\/lieblingsromane-trier.de\/wp-content\/uploads\/2023\/05\/Kennedy.jpeg 835w\" sizes=\"(max-width: 290px) 100vw, 290px\" \/><\/figure><\/div>\n\n\n<p>In ihrem zeitgen\u00f6ssischen Roman zeichnet A.L. Kennedy ein Ebenbild der britischen Gesellschaft mit all ihren Stolpersteinen und Ungerechtigkeiten. Im Zentrum der Geschichte steht die Grundschullehrerin Anna, die w\u00e4hrend ihrer Zeit als Studentin in Edinburgh innerhalb eines Stra\u00dfenkollektivs gegen die Kriegs- und Sozialpolitik ihrer Regierung ank\u00e4mpft. Dabei wird ihre Gruppe von einem polizeilichen V-Mann unterlaufen, was weitreichende Konsequenzen f\u00fcr die Demonstranten mit sich brachte. Als sie ihrem Verr\u00e4ter 25 Jahre sp\u00e4ter wieder begegnet, entsteht in Anna ein Konflikt, der sich bereits im Titel des Buches andeutet: sollte man als Bewohner eines Land, das von Unbarmherzigen beherrscht wird, dennoch mit Barmherzigkeit durchs Leben gehen?<\/p>\n\n\n\n<p><strong>A. L. Kennedy:<\/strong> Die britische Schriftstellerin A. L. Kennedy, geboren 1965 in Dundee, Schottland, ist ein wahres \u201eMedien-Multitalent\u201c. Neben dem Schreiben von Romanen, Kurzgeschichten, Sachb\u00fcchern sowie Kinderb\u00fcchern arbeitet sie\u00a0f\u00fcr Radio, Film und Fernsehen und tritt gelegentlich sogar als Stand-up Comedian auf. Zudem unterrichtete sie bereits an verschiedenen Universit\u00e4ten. A. L. Kennedy feierte\u00a0nicht nur national sondern auch international bereits\u00a0viele Erfolge. Sie wurde mit zahlreichen Preisen ausgezeichnet, darunter der \u00d6sterreichische Staatspreis f\u00fcr Europ\u00e4ische Literatur (2007) und der Heine-Preis (2016). 2017 wurde sie dar\u00fcber hinaus in die Berliner Akademie der K\u00fcnste aufgenommen.<\/p>\n","protected":false},"excerpt":{"rendered":"<p>In ihrem zeitgen\u00f6ssischen Roman zeichnet A.L. Kennedy ein Ebenbild der britischen Gesellschaft mit all ihren Stolpersteinen und Ungerechtigkeiten. Im Zentrum der Geschichte steht die Grundschullehrerin Anna, die w\u00e4hrend ihrer Zeit als Studentin in Edinburgh innerhalb eines Stra\u00dfenkollektivs gegen die Kriegs- und Sozialpolitik ihrer Regierung ank\u00e4mpft. Dabei wird ihre Gruppe von einem polizeilichen V-Mann unterlaufen, was weitreichende Konsequenzen f\u00fcr die Demonstranten mit sich brachte. Als sie ihrem Verr\u00e4ter 25 Jahre sp\u00e4ter wieder begegnet, entsteht in Anna ein Konflikt, der sich bereits im Titel des Buches andeutet: sollte man als Bewohner eines Land, das von Unbarmherzigen beherrscht wird, dennoch mit Barmherzigkeit durchs Leben gehen? A. L. Kennedy: Die britische Schriftstellerin A. L. Kennedy, geboren 1965 in Dundee, Schottland, ist ein wahres \u201eMedien-Multitalent\u201c. Neben dem Schreiben von Romanen, Kurzgeschichten, Sachb\u00fcchern sowie Kinderb\u00fcchern arbeitet sie\u00a0f\u00fcr Radio, Film und Fernsehen und tritt gelegentlich sogar als Stand-up Comedian auf. Zudem unterrichtete sie bereits an verschiedenen Universit\u00e4ten. A. L. Kennedy feierte\u00a0nicht nur national sondern auch international bereits\u00a0viele Erfolge. Sie wurde mit zahlreichen Preisen ausgezeichnet, darunter der \u00d6sterreichische Staatspreis f\u00fcr Europ\u00e4ische Literatur (2007) und der Heine-Preis (2016). 2017 wurde sie dar\u00fcber hinaus in die Berliner Akademie der K\u00fcnste aufgenommen.<\/p>\n","protected":false},"author":1,"featured_media":0,"parent":0,"menu_order":0,"comment_status":"closed","ping_status":"closed","template":"","meta":{"footnotes":""},"class_list":["post-1233","page","type-page","status-publish","hentry"],"yoast_head":"<!-- This site is optimized with the Yoast SEO plugin v27.5 - https:\/\/yoast.com\/product\/yoast-seo-wordpress\/ -->\n<title>Als lebten wir in einem barmherzigen Land - Lieblingsromane<\/title>\n<meta name=\"robots\" content=\"index, follow, max-snippet:-1, max-image-preview:large, max-video-preview:-1\" \/>\n<link rel=\"canonical\" href=\"https:\/\/lieblingsromane-trier.de\/?page_id=1233\" \/>\n<meta property=\"og:locale\" content=\"de_DE\" \/>\n<meta property=\"og:type\" content=\"article\" \/>\n<meta property=\"og:title\" content=\"Als lebten wir in einem barmherzigen Land - Lieblingsromane\" \/>\n<meta property=\"og:description\" content=\"In ihrem zeitgen\u00f6ssischen Roman zeichnet A.L. Kennedy ein Ebenbild der britischen Gesellschaft mit all ihren Stolpersteinen und Ungerechtigkeiten. Im Zentrum der Geschichte steht die Grundschullehrerin Anna, die w\u00e4hrend ihrer Zeit als Studentin in Edinburgh innerhalb eines Stra\u00dfenkollektivs gegen die Kriegs- und Sozialpolitik ihrer Regierung ank\u00e4mpft. Dabei wird ihre Gruppe von einem polizeilichen V-Mann unterlaufen, was weitreichende Konsequenzen f\u00fcr die Demonstranten mit sich brachte. Als sie ihrem Verr\u00e4ter 25 Jahre sp\u00e4ter wieder begegnet, entsteht in Anna ein Konflikt, der sich bereits im Titel des Buches andeutet: sollte man als Bewohner eines Land, das von Unbarmherzigen beherrscht wird, dennoch mit Barmherzigkeit durchs Leben gehen? A. L. Kennedy: Die britische Schriftstellerin A. L. Kennedy, geboren 1965 in Dundee, Schottland, ist ein wahres \u201eMedien-Multitalent\u201c. Neben dem Schreiben von Romanen, Kurzgeschichten, Sachb\u00fcchern sowie Kinderb\u00fcchern arbeitet sie\u00a0f\u00fcr Radio, Film und Fernsehen und tritt gelegentlich sogar als Stand-up Comedian auf. Zudem unterrichtete sie bereits an verschiedenen Universit\u00e4ten. A. L. Kennedy feierte\u00a0nicht nur national sondern auch international bereits\u00a0viele Erfolge. Sie wurde mit zahlreichen Preisen ausgezeichnet, darunter der \u00d6sterreichische Staatspreis f\u00fcr Europ\u00e4ische Literatur (2007) und der Heine-Preis (2016). 2017 wurde sie dar\u00fcber hinaus in die Berliner Akademie der K\u00fcnste aufgenommen.\" \/>\n<meta property=\"og:url\" content=\"https:\/\/lieblingsromane-trier.de\/?page_id=1233\" \/>\n<meta property=\"og:site_name\" content=\"Lieblingsromane\" \/>\n<meta property=\"article:modified_time\" content=\"2023-06-08T06:36:04+00:00\" \/>\n<meta property=\"og:image\" content=\"https:\/\/lieblingsromane-trier.de\/wp-content\/uploads\/2023\/05\/Kennedy-668x1024.jpeg\" \/>\n<meta name=\"twitter:card\" content=\"summary_large_image\" \/>\n<meta name=\"twitter:label1\" content=\"Gesch\u00e4tzte Lesezeit\" \/>\n\t<meta name=\"twitter:data1\" content=\"2\u00a0Minuten\" \/>\n<script type=\"application\/ld+json\" class=\"yoast-schema-graph\">{\"@context\":\"https:\\\/\\\/schema.org\",\"@graph\":[{\"@type\":\"WebPage\",\"@id\":\"https:\\\/\\\/lieblingsromane-trier.de\\\/?page_id=1233\",\"url\":\"https:\\\/\\\/lieblingsromane-trier.de\\\/?page_id=1233\",\"name\":\"Als lebten wir in einem barmherzigen Land - Lieblingsromane\",\"isPartOf\":{\"@id\":\"https:\\\/\\\/lieblingsromane-trier.de\\\/#website\"},\"primaryImageOfPage\":{\"@id\":\"https:\\\/\\\/lieblingsromane-trier.de\\\/?page_id=1233#primaryimage\"},\"image\":{\"@id\":\"https:\\\/\\\/lieblingsromane-trier.de\\\/?page_id=1233#primaryimage\"},\"thumbnailUrl\":\"https:\\\/\\\/lieblingsromane-trier.de\\\/wp-content\\\/uploads\\\/2023\\\/05\\\/Kennedy-668x1024.jpeg\",\"datePublished\":\"2023-06-08T06:36:03+00:00\",\"dateModified\":\"2023-06-08T06:36:04+00:00\",\"breadcrumb\":{\"@id\":\"https:\\\/\\\/lieblingsromane-trier.de\\\/?page_id=1233#breadcrumb\"},\"inLanguage\":\"de\",\"potentialAction\":[{\"@type\":\"ReadAction\",\"target\":[\"https:\\\/\\\/lieblingsromane-trier.de\\\/?page_id=1233\"]}]},{\"@type\":\"ImageObject\",\"inLanguage\":\"de\",\"@id\":\"https:\\\/\\\/lieblingsromane-trier.de\\\/?page_id=1233#primaryimage\",\"url\":\"https:\\\/\\\/lieblingsromane-trier.de\\\/wp-content\\\/uploads\\\/2023\\\/05\\\/Kennedy-668x1024.jpeg\",\"contentUrl\":\"https:\\\/\\\/lieblingsromane-trier.de\\\/wp-content\\\/uploads\\\/2023\\\/05\\\/Kennedy-668x1024.jpeg\"},{\"@type\":\"BreadcrumbList\",\"@id\":\"https:\\\/\\\/lieblingsromane-trier.de\\\/?page_id=1233#breadcrumb\",\"itemListElement\":[{\"@type\":\"ListItem\",\"position\":1,\"name\":\"Startseite\",\"item\":\"https:\\\/\\\/lieblingsromane-trier.de\\\/\"},{\"@type\":\"ListItem\",\"position\":2,\"name\":\"Als lebten wir in einem barmherzigen Land\"}]},{\"@type\":\"WebSite\",\"@id\":\"https:\\\/\\\/lieblingsromane-trier.de\\\/#website\",\"url\":\"https:\\\/\\\/lieblingsromane-trier.de\\\/\",\"name\":\"Lieblingsromane 2018\",\"description\":\"Eine Veranstaltung der Universit\u00e4t Trier\",\"potentialAction\":[{\"@type\":\"SearchAction\",\"target\":{\"@type\":\"EntryPoint\",\"urlTemplate\":\"https:\\\/\\\/lieblingsromane-trier.de\\\/?s={search_term_string}\"},\"query-input\":{\"@type\":\"PropertyValueSpecification\",\"valueRequired\":true,\"valueName\":\"search_term_string\"}}],\"inLanguage\":\"de\"}]}<\/script>\n<!-- \/ Yoast SEO plugin. -->","yoast_head_json":{"title":"Als lebten wir in einem barmherzigen Land - Lieblingsromane","robots":{"index":"index","follow":"follow","max-snippet":"max-snippet:-1","max-image-preview":"max-image-preview:large","max-video-preview":"max-video-preview:-1"},"canonical":"https:\/\/lieblingsromane-trier.de\/?page_id=1233","og_locale":"de_DE","og_type":"article","og_title":"Als lebten wir in einem barmherzigen Land - Lieblingsromane","og_description":"In ihrem zeitgen\u00f6ssischen Roman zeichnet A.L. Kennedy ein Ebenbild der britischen Gesellschaft mit all ihren Stolpersteinen und Ungerechtigkeiten. Im Zentrum der Geschichte steht die Grundschullehrerin Anna, die w\u00e4hrend ihrer Zeit als Studentin in Edinburgh innerhalb eines Stra\u00dfenkollektivs gegen die Kriegs- und Sozialpolitik ihrer Regierung ank\u00e4mpft. Dabei wird ihre Gruppe von einem polizeilichen V-Mann unterlaufen, was weitreichende Konsequenzen f\u00fcr die Demonstranten mit sich brachte. Als sie ihrem Verr\u00e4ter 25 Jahre sp\u00e4ter wieder begegnet, entsteht in Anna ein Konflikt, der sich bereits im Titel des Buches andeutet: sollte man als Bewohner eines Land, das von Unbarmherzigen beherrscht wird, dennoch mit Barmherzigkeit durchs Leben gehen? A. L. Kennedy: Die britische Schriftstellerin A. L. Kennedy, geboren 1965 in Dundee, Schottland, ist ein wahres \u201eMedien-Multitalent\u201c. Neben dem Schreiben von Romanen, Kurzgeschichten, Sachb\u00fcchern sowie Kinderb\u00fcchern arbeitet sie\u00a0f\u00fcr Radio, Film und Fernsehen und tritt gelegentlich sogar als Stand-up Comedian auf. Zudem unterrichtete sie bereits an verschiedenen Universit\u00e4ten. A. L. Kennedy feierte\u00a0nicht nur national sondern auch international bereits\u00a0viele Erfolge. Sie wurde mit zahlreichen Preisen ausgezeichnet, darunter der \u00d6sterreichische Staatspreis f\u00fcr Europ\u00e4ische Literatur (2007) und der Heine-Preis (2016). 2017 wurde sie dar\u00fcber hinaus in die Berliner Akademie der K\u00fcnste aufgenommen.","og_url":"https:\/\/lieblingsromane-trier.de\/?page_id=1233","og_site_name":"Lieblingsromane","article_modified_time":"2023-06-08T06:36:04+00:00","og_image":[{"url":"https:\/\/lieblingsromane-trier.de\/wp-content\/uploads\/2023\/05\/Kennedy-668x1024.jpeg","type":"","width":"","height":""}],"twitter_card":"summary_large_image","twitter_misc":{"Gesch\u00e4tzte Lesezeit":"2\u00a0Minuten"},"schema":{"@context":"https:\/\/schema.org","@graph":[{"@type":"WebPage","@id":"https:\/\/lieblingsromane-trier.de\/?page_id=1233","url":"https:\/\/lieblingsromane-trier.de\/?page_id=1233","name":"Als lebten wir in einem barmherzigen Land - Lieblingsromane","isPartOf":{"@id":"https:\/\/lieblingsromane-trier.de\/#website"},"primaryImageOfPage":{"@id":"https:\/\/lieblingsromane-trier.de\/?page_id=1233#primaryimage"},"image":{"@id":"https:\/\/lieblingsromane-trier.de\/?page_id=1233#primaryimage"},"thumbnailUrl":"https:\/\/lieblingsromane-trier.de\/wp-content\/uploads\/2023\/05\/Kennedy-668x1024.jpeg","datePublished":"2023-06-08T06:36:03+00:00","dateModified":"2023-06-08T06:36:04+00:00","breadcrumb":{"@id":"https:\/\/lieblingsromane-trier.de\/?page_id=1233#breadcrumb"},"inLanguage":"de","potentialAction":[{"@type":"ReadAction","target":["https:\/\/lieblingsromane-trier.de\/?page_id=1233"]}]},{"@type":"ImageObject","inLanguage":"de","@id":"https:\/\/lieblingsromane-trier.de\/?page_id=1233#primaryimage","url":"https:\/\/lieblingsromane-trier.de\/wp-content\/uploads\/2023\/05\/Kennedy-668x1024.jpeg","contentUrl":"https:\/\/lieblingsromane-trier.de\/wp-content\/uploads\/2023\/05\/Kennedy-668x1024.jpeg"},{"@type":"BreadcrumbList","@id":"https:\/\/lieblingsromane-trier.de\/?page_id=1233#breadcrumb","itemListElement":[{"@type":"ListItem","position":1,"name":"Startseite","item":"https:\/\/lieblingsromane-trier.de\/"},{"@type":"ListItem","position":2,"name":"Als lebten wir in einem barmherzigen Land"}]},{"@type":"WebSite","@id":"https:\/\/lieblingsromane-trier.de\/#website","url":"https:\/\/lieblingsromane-trier.de\/","name":"Lieblingsromane 2018","description":"Eine Veranstaltung der Universit\u00e4t Trier","potentialAction":[{"@type":"SearchAction","target":{"@type":"EntryPoint","urlTemplate":"https:\/\/lieblingsromane-trier.de\/?s={search_term_string}"},"query-input":{"@type":"PropertyValueSpecification","valueRequired":true,"valueName":"search_term_string"}}],"inLanguage":"de"}]}},"_links":{"self":[{"href":"https:\/\/lieblingsromane-trier.de\/index.php?rest_route=\/wp\/v2\/pages\/1233","targetHints":{"allow":["GET"]}}],"collection":[{"href":"https:\/\/lieblingsromane-trier.de\/index.php?rest_route=\/wp\/v2\/pages"}],"about":[{"href":"https:\/\/lieblingsromane-trier.de\/index.php?rest_route=\/wp\/v2\/types\/page"}],"author":[{"embeddable":true,"href":"https:\/\/lieblingsromane-trier.de\/index.php?rest_route=\/wp\/v2\/users\/1"}],"replies":[{"embeddable":true,"href":"https:\/\/lieblingsromane-trier.de\/index.php?rest_route=%2Fwp%2Fv2%2Fcomments&post=1233"}],"version-history":[{"count":6,"href":"https:\/\/lieblingsromane-trier.de\/index.php?rest_route=\/wp\/v2\/pages\/1233\/revisions"}],"predecessor-version":[{"id":1278,"href":"https:\/\/lieblingsromane-trier.de\/index.php?rest_route=\/wp\/v2\/pages\/1233\/revisions\/1278"}],"wp:attachment":[{"href":"https:\/\/lieblingsromane-trier.de\/index.php?rest_route=%2Fwp%2Fv2%2Fmedia&parent=1233"}],"curies":[{"name":"wp","href":"https:\/\/api.w.org\/{rel}","templated":true}]}}